{"id":59969,"date":"2025-11-12T13:28:06","date_gmt":"2025-11-12T16:28:06","guid":{"rendered":"https:\/\/www.pixeon.com\/?post_type=novidade&#038;p=59969"},"modified":"2025-11-12T13:28:07","modified_gmt":"2025-11-12T16:28:07","slug":"linea-media-cerebral-pixeon-aurora-pacs","status":"publish","type":"novidade","link":"https:\/\/www.pixeon.com\/es\/novidades\/linea-media-cerebral-pixeon-aurora-pacs\/","title":{"rendered":"Nueva herramienta de l\u00ednea media cerebral incluida en el PACS Pixeon Aurora"},"content":{"rendered":"\n<p>Una nueva herramienta acaba de ser lanzada para todos los clientes del PACS Pixeon Aurora.<\/p>\n\n\n\n<p>El nuevo recurso de <strong>c\u00e1lculo del desv\u00edo de la l\u00ednea media cerebral<\/strong> permite medir dicho desv\u00edo mediante una anotaci\u00f3n en una imagen axial.<\/p>\n\n\n\n<p>La medici\u00f3n se realiza con <strong>solo tres clics<\/strong>: los dos primeros definen el inicio y el fin de la l\u00ednea media, y el tercero, en sentido perpendicular, define el desv\u00edo con respecto a la l\u00ednea media en mil\u00edmetros.<\/p>\n\n\n\n<p>En neurolog\u00eda, por ejemplo, esta funcionalidad ayuda en la evaluaci\u00f3n de patolog\u00edas como <strong>ACV, hidrocefalia y otros traumatismos<\/strong> que pueden afectar la anatom\u00eda normal del enc\u00e9falo.<\/p>\n\n\n\n<figure class=\"wp-block-image size-large\"><img decoding=\"async\" width=\"1024\" height=\"1024\" src=\"https:\/\/www.pixeon.com\/wp-content\/uploads\/2025\/11\/herramienta-de-linea-media-cerebral-incluida-en-el-PACS-Pixeon-Aurora-1024x1024.gif\" alt=\"\" class=\"wp-image-59970\" srcset=\"https:\/\/www.pixeon.com\/wp-content\/uploads\/2025\/11\/herramienta-de-linea-media-cerebral-incluida-en-el-PACS-Pixeon-Aurora-1024x1024.gif 1024w, https:\/\/www.pixeon.com\/wp-content\/uploads\/2025\/11\/herramienta-de-linea-media-cerebral-incluida-en-el-PACS-Pixeon-Aurora-300x300.gif 300w, https:\/\/www.pixeon.com\/wp-content\/uploads\/2025\/11\/herramienta-de-linea-media-cerebral-incluida-en-el-PACS-Pixeon-Aurora-150x150.gif 150w, https:\/\/www.pixeon.com\/wp-content\/uploads\/2025\/11\/herramienta-de-linea-media-cerebral-incluida-en-el-PACS-Pixeon-Aurora-768x768.gif 768w\" sizes=\"(max-width: 1024px) 100vw, 1024px\" \/><\/figure>\n\n\n\n<h3 class=\"wp-block-heading\">Herramienta completamente disponible<\/h3>\n\n\n\n<p>La herramienta de c\u00e1lculo de la l\u00ednea media cerebral es una innovaci\u00f3n m\u00e1s puesta a disposici\u00f3n de todos los clientes del <strong>PACS Pixeon Aurora, sin costos adicionales<\/strong>.<\/p>\n\n\n\n<p>Para utilizarla, solo es necesario asegurarse de estar usando la versi\u00f3n m\u00e1s actualizada del software. \u00a1Aprov\u00e9chela!<\/p>\n","protected":false},"excerpt":{"rendered":"<p>Una nueva herramienta acaba de ser lanzada para todos los clientes del PACS Pixeon Aurora. El nuevo recurso de c\u00e1lculo del desv\u00edo de la l\u00ednea media cerebral permite medir dicho desv\u00edo mediante una anotaci\u00f3n en una imagen axial. La medici\u00f3n se realiza con solo tres clics: los dos primeros definen el inicio y el fin [&hellip;]<\/p>\n","protected":false},"author":13,"featured_media":59973,"template":"","class_list":["post-59969","novidade","type-novidade","status-publish","has-post-thumbnail","hentry"],"yoast_head":"<!-- This site is optimized with the Yoast SEO plugin v27.5 - https:\/\/yoast.com\/product\/yoast-seo-wordpress\/ -->\n<title>Nueva herramienta de l\u00ednea media cerebral incluida en el PACS Pixeon Aurora - Pixeon<\/title>\n<meta name=\"description\" content=\"El nuevo recurso de c\u00e1lculo del desv\u00edo de la l\u00ednea media cerebral permite medir dicho desv\u00edo mediante una anotaci\u00f3n en una imagen axial.\" \/>\n<meta name=\"robots\" content=\"index, follow, max-snippet:-1, max-image-preview:large, max-video-preview:-1\" \/>\n<link rel=\"canonical\" href=\"https:\/\/www.pixeon.com\/es\/novidades\/linea-media-cerebral-pixeon-aurora-pacs\/\" \/>\n<meta property=\"og:locale\" content=\"es_ES\" \/>\n<meta property=\"og:type\" content=\"article\" \/>\n<meta property=\"og:title\" content=\"Nueva herramienta de l\u00ednea media cerebral incluida en el PACS Pixeon Aurora - Pixeon\" \/>\n<meta property=\"og:description\" content=\"El nuevo recurso de c\u00e1lculo del desv\u00edo de la l\u00ednea media cerebral permite medir dicho desv\u00edo mediante una anotaci\u00f3n en una imagen axial.\" \/>\n<meta property=\"og:url\" content=\"https:\/\/www.pixeon.com\/es\/novidades\/linea-media-cerebral-pixeon-aurora-pacs\/\" \/>\n<meta property=\"og:site_name\" content=\"Pixeon\" \/>\n<meta property=\"article:publisher\" content=\"https:\/\/www.facebook.com\/Pixeon\" \/>\n<meta property=\"article:modified_time\" content=\"2025-11-12T16:28:07+00:00\" \/>\n<meta property=\"og:image\" content=\"https:\/\/www.pixeon.com\/wp-content\/uploads\/2025\/11\/Nueva-herramienta-de-linea-media-cerebral-incluida-en-el-PACS-Pixeon-Aurora-1536x1024-1-1024x683-copia.webp\" \/>\n\t<meta property=\"og:image:width\" content=\"1024\" \/>\n\t<meta property=\"og:image:height\" content=\"683\" \/>\n\t<meta property=\"og:image:type\" content=\"image\/webp\" \/>\n<meta name=\"twitter:card\" content=\"summary_large_image\" \/>\n<meta name=\"twitter:site\" content=\"@pixeon\" \/>\n<meta name=\"twitter:label1\" content=\"Tiempo de lectura\" \/>\n\t<meta name=\"twitter:data1\" content=\"2 minutos\" \/>\n<script type=\"application\/ld+json\" class=\"yoast-schema-graph\">{\"@context\":\"https:\\\/\\\/schema.org\",\"@graph\":[{\"@type\":\"WebPage\",\"@id\":\"https:\\\/\\\/www.pixeon.com\\\/es\\\/novidades\\\/linea-media-cerebral-pixeon-aurora-pacs\\\/\",\"url\":\"https:\\\/\\\/www.pixeon.com\\\/es\\\/novidades\\\/linea-media-cerebral-pixeon-aurora-pacs\\\/\",\"name\":\"Nueva herramienta de l\u00ednea media cerebral incluida en el PACS Pixeon Aurora - Pixeon\",\"isPartOf\":{\"@id\":\"https:\\\/\\\/www.pixeon.com\\\/en\\\/#website\"},\"primaryImageOfPage\":{\"@id\":\"https:\\\/\\\/www.pixeon.com\\\/es\\\/novidades\\\/linea-media-cerebral-pixeon-aurora-pacs\\\/#primaryimage\"},\"image\":{\"@id\":\"https:\\\/\\\/www.pixeon.com\\\/es\\\/novidades\\\/linea-media-cerebral-pixeon-aurora-pacs\\\/#primaryimage\"},\"thumbnailUrl\":\"https:\\\/\\\/www.pixeon.com\\\/wp-content\\\/uploads\\\/2025\\\/11\\\/Nueva-herramienta-de-linea-media-cerebral-incluida-en-el-PACS-Pixeon-Aurora-1536x1024-1-1024x683-copia.webp\",\"datePublished\":\"2025-11-12T16:28:06+00:00\",\"dateModified\":\"2025-11-12T16:28:07+00:00\",\"description\":\"El nuevo recurso de c\u00e1lculo del desv\u00edo de la l\u00ednea media cerebral permite medir dicho desv\u00edo mediante una anotaci\u00f3n en una imagen axial.\",\"breadcrumb\":{\"@id\":\"https:\\\/\\\/www.pixeon.com\\\/es\\\/novidades\\\/linea-media-cerebral-pixeon-aurora-pacs\\\/#breadcrumb\"},\"inLanguage\":\"es\",\"potentialAction\":[{\"@type\":\"ReadAction\",\"target\":[\"https:\\\/\\\/www.pixeon.com\\\/es\\\/novidades\\\/linea-media-cerebral-pixeon-aurora-pacs\\\/\"]}]},{\"@type\":\"ImageObject\",\"inLanguage\":\"es\",\"@id\":\"https:\\\/\\\/www.pixeon.com\\\/es\\\/novidades\\\/linea-media-cerebral-pixeon-aurora-pacs\\\/#primaryimage\",\"url\":\"https:\\\/\\\/www.pixeon.com\\\/wp-content\\\/uploads\\\/2025\\\/11\\\/Nueva-herramienta-de-linea-media-cerebral-incluida-en-el-PACS-Pixeon-Aurora-1536x1024-1-1024x683-copia.webp\",\"contentUrl\":\"https:\\\/\\\/www.pixeon.com\\\/wp-content\\\/uploads\\\/2025\\\/11\\\/Nueva-herramienta-de-linea-media-cerebral-incluida-en-el-PACS-Pixeon-Aurora-1536x1024-1-1024x683-copia.webp\",\"width\":1024,\"height\":683,\"caption\":\"Nueva-herramienta-de-l\u00ednea-media-cerebral-incluida-en el-PACS-Pixeon-Aurora-1536x1024-1-1024x683 - copia\"},{\"@type\":\"BreadcrumbList\",\"@id\":\"https:\\\/\\\/www.pixeon.com\\\/es\\\/novidades\\\/linea-media-cerebral-pixeon-aurora-pacs\\\/#breadcrumb\",\"itemListElement\":[{\"@type\":\"ListItem\",\"position\":1,\"name\":\"In\u00edcio\",\"item\":\"https:\\\/\\\/www.pixeon.com\\\/es\\\/\"},{\"@type\":\"ListItem\",\"position\":2,\"name\":\"Novidades\",\"item\":\"https:\\\/\\\/www.pixeon.com\\\/novidades\\\/\"},{\"@type\":\"ListItem\",\"position\":3,\"name\":\"Nueva herramienta de l\u00ednea media cerebral incluida en el PACS Pixeon Aurora\"}]},{\"@type\":\"WebSite\",\"@id\":\"https:\\\/\\\/www.pixeon.com\\\/en\\\/#website\",\"url\":\"https:\\\/\\\/www.pixeon.com\\\/en\\\/\",\"name\":\"Pixeon\",\"description\":\"Sistemas de gest\u00e3o para centros de imagem, hospitais, laborat\u00f3rios e cl\u00ednicas\",\"potentialAction\":[{\"@type\":\"SearchAction\",\"target\":{\"@type\":\"EntryPoint\",\"urlTemplate\":\"https:\\\/\\\/www.pixeon.com\\\/en\\\/?s={search_term_string}\"},\"query-input\":{\"@type\":\"PropertyValueSpecification\",\"valueRequired\":true,\"valueName\":\"search_term_string\"}}],\"inLanguage\":\"es\"}]}<\/script>\n<!-- \/ Yoast SEO plugin. -->","yoast_head_json":{"title":"Nueva herramienta de l\u00ednea media cerebral incluida en el PACS Pixeon Aurora - Pixeon","description":"El nuevo recurso de c\u00e1lculo del desv\u00edo de la l\u00ednea media cerebral permite medir dicho desv\u00edo mediante una anotaci\u00f3n en una imagen axial.","robots":{"index":"index","follow":"follow","max-snippet":"max-snippet:-1","max-image-preview":"max-image-preview:large","max-video-preview":"max-video-preview:-1"},"canonical":"https:\/\/www.pixeon.com\/es\/novidades\/linea-media-cerebral-pixeon-aurora-pacs\/","og_locale":"es_ES","og_type":"article","og_title":"Nueva herramienta de l\u00ednea media cerebral incluida en el PACS Pixeon Aurora - Pixeon","og_description":"El nuevo recurso de c\u00e1lculo del desv\u00edo de la l\u00ednea media cerebral permite medir dicho desv\u00edo mediante una anotaci\u00f3n en una imagen axial.","og_url":"https:\/\/www.pixeon.com\/es\/novidades\/linea-media-cerebral-pixeon-aurora-pacs\/","og_site_name":"Pixeon","article_publisher":"https:\/\/www.facebook.com\/Pixeon","article_modified_time":"2025-11-12T16:28:07+00:00","og_image":[{"width":1024,"height":683,"url":"https:\/\/www.pixeon.com\/wp-content\/uploads\/2025\/11\/Nueva-herramienta-de-linea-media-cerebral-incluida-en-el-PACS-Pixeon-Aurora-1536x1024-1-1024x683-copia.webp","type":"image\/webp"}],"twitter_card":"summary_large_image","twitter_site":"@pixeon","twitter_misc":{"Tiempo de lectura":"2 minutos"},"schema":{"@context":"https:\/\/schema.org","@graph":[{"@type":"WebPage","@id":"https:\/\/www.pixeon.com\/es\/novidades\/linea-media-cerebral-pixeon-aurora-pacs\/","url":"https:\/\/www.pixeon.com\/es\/novidades\/linea-media-cerebral-pixeon-aurora-pacs\/","name":"Nueva herramienta de l\u00ednea media cerebral incluida en el PACS Pixeon Aurora - Pixeon","isPartOf":{"@id":"https:\/\/www.pixeon.com\/en\/#website"},"primaryImageOfPage":{"@id":"https:\/\/www.pixeon.com\/es\/novidades\/linea-media-cerebral-pixeon-aurora-pacs\/#primaryimage"},"image":{"@id":"https:\/\/www.pixeon.com\/es\/novidades\/linea-media-cerebral-pixeon-aurora-pacs\/#primaryimage"},"thumbnailUrl":"https:\/\/www.pixeon.com\/wp-content\/uploads\/2025\/11\/Nueva-herramienta-de-linea-media-cerebral-incluida-en-el-PACS-Pixeon-Aurora-1536x1024-1-1024x683-copia.webp","datePublished":"2025-11-12T16:28:06+00:00","dateModified":"2025-11-12T16:28:07+00:00","description":"El nuevo recurso de c\u00e1lculo del desv\u00edo de la l\u00ednea media cerebral permite medir dicho desv\u00edo mediante una anotaci\u00f3n en una imagen axial.","breadcrumb":{"@id":"https:\/\/www.pixeon.com\/es\/novidades\/linea-media-cerebral-pixeon-aurora-pacs\/#breadcrumb"},"inLanguage":"es","potentialAction":[{"@type":"ReadAction","target":["https:\/\/www.pixeon.com\/es\/novidades\/linea-media-cerebral-pixeon-aurora-pacs\/"]}]},{"@type":"ImageObject","inLanguage":"es","@id":"https:\/\/www.pixeon.com\/es\/novidades\/linea-media-cerebral-pixeon-aurora-pacs\/#primaryimage","url":"https:\/\/www.pixeon.com\/wp-content\/uploads\/2025\/11\/Nueva-herramienta-de-linea-media-cerebral-incluida-en-el-PACS-Pixeon-Aurora-1536x1024-1-1024x683-copia.webp","contentUrl":"https:\/\/www.pixeon.com\/wp-content\/uploads\/2025\/11\/Nueva-herramienta-de-linea-media-cerebral-incluida-en-el-PACS-Pixeon-Aurora-1536x1024-1-1024x683-copia.webp","width":1024,"height":683,"caption":"Nueva-herramienta-de-l\u00ednea-media-cerebral-incluida-en el-PACS-Pixeon-Aurora-1536x1024-1-1024x683 - copia"},{"@type":"BreadcrumbList","@id":"https:\/\/www.pixeon.com\/es\/novidades\/linea-media-cerebral-pixeon-aurora-pacs\/#breadcrumb","itemListElement":[{"@type":"ListItem","position":1,"name":"In\u00edcio","item":"https:\/\/www.pixeon.com\/es\/"},{"@type":"ListItem","position":2,"name":"Novidades","item":"https:\/\/www.pixeon.com\/novidades\/"},{"@type":"ListItem","position":3,"name":"Nueva herramienta de l\u00ednea media cerebral incluida en el PACS Pixeon Aurora"}]},{"@type":"WebSite","@id":"https:\/\/www.pixeon.com\/en\/#website","url":"https:\/\/www.pixeon.com\/en\/","name":"Pixeon","description":"Sistemas de gest\u00e3o para centros de imagem, hospitais, laborat\u00f3rios e cl\u00ednicas","potentialAction":[{"@type":"SearchAction","target":{"@type":"EntryPoint","urlTemplate":"https:\/\/www.pixeon.com\/en\/?s={search_term_string}"},"query-input":{"@type":"PropertyValueSpecification","valueRequired":true,"valueName":"search_term_string"}}],"inLanguage":"es"}]}},"_links":{"self":[{"href":"https:\/\/www.pixeon.com\/es\/wp-json\/wp\/v2\/novidade\/59969","targetHints":{"allow":["GET"]}}],"collection":[{"href":"https:\/\/www.pixeon.com\/es\/wp-json\/wp\/v2\/novidade"}],"about":[{"href":"https:\/\/www.pixeon.com\/es\/wp-json\/wp\/v2\/types\/novidade"}],"author":[{"embeddable":true,"href":"https:\/\/www.pixeon.com\/es\/wp-json\/wp\/v2\/users\/13"}],"version-history":[{"count":1,"href":"https:\/\/www.pixeon.com\/es\/wp-json\/wp\/v2\/novidade\/59969\/revisions"}],"predecessor-version":[{"id":59976,"href":"https:\/\/www.pixeon.com\/es\/wp-json\/wp\/v2\/novidade\/59969\/revisions\/59976"}],"wp:featuredmedia":[{"embeddable":true,"href":"https:\/\/www.pixeon.com\/es\/wp-json\/wp\/v2\/media\/59973"}],"wp:attachment":[{"href":"https:\/\/www.pixeon.com\/es\/wp-json\/wp\/v2\/media?parent=59969"}],"curies":[{"name":"wp","href":"https:\/\/api.w.org\/{rel}","templated":true}]}}